{"id":757,"date":"2017-03-13T22:42:22","date_gmt":"2017-03-13T21:42:22","guid":{"rendered":"https:\/\/www.zucchetti.com\/de\/?page_id=757"},"modified":"2024-01-25T15:26:11","modified_gmt":"2024-01-25T14:26:11","slug":"datenschutz","status":"publish","type":"page","link":"https:\/\/www.zucchetti.com\/de\/datenschutz.html","title":{"rendered":"Datenschutz"},"content":{"rendered":"<div class=\"wpb-content-wrapper\"><p>[vc_row full_width=&#8220;stretch_row&#8220; wrap_container=&#8220;yes&#8220; text_align=&#8220;left&#8220; css=&#8220;.vc_custom_1527675773504{margin-top: 0px !important;margin-right: 0px !important;margin-bottom: 0px !important;margin-left: 0px !important;border-top-width: 0px !important;border-right-width: 0px !important;border-bottom-width: 0px !important;border-left-width: 0px !important;padding-top: 0px !important;padding-right: 0px !important;padding-bottom: 0px !important;padding-left: 0px !important;}&#8220; el_class=&#8220;bg-custom-cookies&#8220;][vc_column][vc_custom_heading text=&#8220;&#8220; font_container=&#8220;tag:h2|font_size:1.8em|text_align:left&#8220; use_theme_fonts=&#8220;yes&#8220; el_class=&#8220;h2-under-title text-color-light under-title&#8220; css=&#8220;.vc_custom_1519747487471{padding-bottom: 20px !important;}&#8220;][\/vc_column][\/vc_row][vc_row][vc_column width=&#8220;5\/6&#8243;][vc_column_text]<\/p>\n<p style=\"text-align: center;\"><strong>INFORMATIONSSCHREIBEN<\/strong><\/p>\n<p style=\"text-align: center;\"><strong>zur Verarbeitung personenbezogener Daten<\/strong><\/p>\n<p style=\"text-align: center;\">Artikel 12 ff der Verordnung (EU) 2016\/679 und Artikel 14 Bundesdatenschutzgesetz<\/p>\n<p><strong>VORBEMERKUNG <\/strong><\/p>\n<p>Gem\u00e4\u00df den Bestimmungen der EU-Verordnung 2016\/679 (im Folgenden DSGVO) und des schweizerischen Bundesdatenschutzgesetzes informieren wir im Folgenden \u00fcber die Verarbeitung der bereitgestellten personenbezogenen Daten im Zusammenhang mit den Beziehungen zu den Unternehmen (wie unten angegeben).<\/p>\n<p>F\u00fcr die Zwecke dieser Datenschutzerkl\u00e4rung bezeichnet der Ausdruck \u201eDatenschutzgesetz\u201c die Verordnung (EU) 2016\/679 und das Bundesdatenschutzgesetz.<\/p>\n<p>&nbsp;<\/p>\n<ol>\n<li><strong>IDENTIT\u00c4T UND KONTAKTDATEN <\/strong><\/li>\n<\/ol>\n<p>In Bezug auf die verschiedenen Bereiche, in denen die Verarbeitung f\u00fcr die Zwecke dieser Datenschutzerkl\u00e4rung durchgef\u00fchrt wird, handelt es sich um die folgenden Unternehmen:<\/p>\n<ul>\n<li><strong>Zucchetti Austria GmbH<\/strong>, mit Sitz in Lastenstra\u00dfe Nr. 13 &#8211; 8020, Graz &#8211; \u00d6sterreich<\/li>\n<li><strong>Zucchetti Germany GmbH<\/strong>, mit Sitz in Werner-von-Siemens-Allee 4, 66115 Saarbr\u00fccken &#8211; Deutschland<\/li>\n<li><strong>Zucchetti Switzerland SA<\/strong>, mit Sitz in Centro San Martino, Via Moree n. 16 &#8211; 6850, Mendrisio &#8211; Schweiz<\/li>\n<\/ul>\n<p>Zucchetti Austria GmbH, Zucchetti Germany GmbH und Zucchetti Switzerland SA werden nachstehend gemeinsam auch<strong> \u201eUnternehmen<\/strong>&#8220; genannt.<\/p>\n<p>Die Unternehmen k\u00f6nnen unter folgenden Kontaktdaten kontaktiert werden:<\/p>\n<ul>\n<li><strong>Zucchetti Austria GmbH <\/strong>&#8211; zaustria.privacy@zucchetti.com<\/li>\n<li><strong>Zucchetti Germany GmbH <\/strong>&#8211; zgermany.privacy@zucchetti.com<\/li>\n<li><strong>Zucchetti Switzerland SA<\/strong>&#8211; zswitzerland.privacy@zucchetti.com<\/li>\n<\/ul>\n<p>Die Auftragsverarbeitungsvereinbarung wird auf Anfrage des Betroffenen zur Verf\u00fcgung gestellt, der eine E-Mail an zprivacy.officer@zucchetti.com senden kann.<\/p>\n<ol start=\"2\">\n<li><strong>KONTAKTDATEN DES DATENSCHUTZBEAUFTRAGTEN (DSB)<\/strong><\/li>\n<\/ol>\n<p>Der Datenschutzbeauftragte ist f\u00fcr die Unternehmen, die die Benennung vorgenommen haben, Dr. Mario Brocca, Tel. +39 0371\/594.3191, E-Mail: <a href=\"mailto:dpo@zucchetti.it\">dpo@zucchetti.it<\/a>; Zertifizierte E-Mail-Adresse: dpogruppozucchetti@gruppozucchetti.it.<\/p>\n<p><strong>\u00a0<\/strong><\/p>\n<ol start=\"3\">\n<li><strong>ZWECK DER DATENVERARBEITUNG, RECHTSGRUNDLAGE UND DAUER DER SPEICHERUNG DER DATEN<\/strong><\/li>\n<\/ol>\n<table width=\"680\">\n<tbody>\n<tr>\n<td width=\"191\"><strong><em>Zwecke<\/em><\/strong><\/td>\n<td width=\"140\"><strong><em>Art der verarbeiteten Daten<\/em><\/strong><\/td>\n<td width=\"132\"><strong><em>Rechtsgrundlage<\/em><\/strong><\/td>\n<td width=\"113\"><strong><em>Funktion des Konzernunternehmens<\/em><\/strong><\/td>\n<td width=\"104\"><strong><em>Aufbewahrungsdauer*<\/em><\/strong><\/td>\n<\/tr>\n<tr>\n<td width=\"191\">\n<p><strong>a)\u00a0\u00a0\u00a0 <\/strong><strong><u>Vorvertragliche\/vertragliche Ma\u00dfnahmen<\/u><\/strong><\/p>\n<p>Bereitstellung von Informationen \u00fcber die vermarkteten Produkte und Leistungen auf Anfrage des Betroffenen;<\/p>\n<p>Ausf\u00fchrung bestehender Vertragsverh\u00e4ltnisse.<\/td>\n<td width=\"140\">Stammdaten und Kontaktdaten; zur Erf\u00fcllung des Vertragsverh\u00e4ltnisses erforderliche Angaben.<\/td>\n<td width=\"132\">\n<p>Erf\u00fcllung eines Vertrags, dessen Vertragspartei Sie sind, oder vorvertragliche Ma\u00dfnahmen, die auf Antrag des Betroffenen getroffen wurden;<\/p>\n<p>Erf\u00fcllung gesetzlicher Verpflichtungen.<\/td>\n<td width=\"113\">Eigent\u00fcmer der Datenverarbeitung<\/td>\n<td width=\"104\">\n<p>Gem\u00e4ss Gesetz.<\/p>\n<p>&nbsp;<\/td>\n<\/tr>\n<tr>\n<td width=\"191\">\n<p><strong>b)\u00a0\u00a0 <\/strong><strong><u>Direktmarketing<\/u><\/strong><\/p>\n<p>Versand von Werbematerial, Newslettern, Werbemitteilungen und kommerziellen Mitteilungen in Bezug auf Produkte und\/oder Veranstaltungen und\/oder Schulungen \u00fcber automatisierte Kontaktmittel (E-Mail und Instant Messaging) und herk\u00f6mmliche Mittel (Telefonanrufe durch einen Mitarbeiter und normale Post) sowie Durchf\u00fchrung von Marktstudien und statistischen Analysen und Ermittlung des Grads der Kundenzufriedenheit.<\/td>\n<td width=\"140\">Stammdaten und Kontaktdaten.<\/td>\n<td width=\"132\">\n<p>Zustimmung (erforderlich durch Vertrag oder besondere Anfrage);<\/p>\n<p>(freiwillig und jederzeit widerrufbar<em>)<\/em><\/td>\n<td width=\"113\">Auftragsverarbeiter<\/td>\n<td width=\"104\">Bis zum Widerruf der Einwilligung f\u00fcr diesen Zweck und\/oder nach f\u00fcnf Jahren nach der Einwilligung.<\/td>\n<\/tr>\n<tr>\n<td width=\"191\">\n<p><strong>c)\u00a0\u00a0\u00a0 <\/strong><strong><u>Marketing bei Bestandskunden<\/u><\/strong><\/p>\n<p>Zusendung von Mitteilungen \u00fcber vertraglich vereinbarte Produkte\/Leistungen und\/oder \u00e4hnliche Produkte\/Leistungen wie bereits vertraglich vereinbarte (Newsletter, Webinare, Veranstaltungen, Schulungsaktivit\u00e4ten).<\/td>\n<td width=\"140\">Stammdaten und Kontaktdaten; Angaben zum jeweiligen Betrieb und zur Funktion.<\/td>\n<td width=\"132\">Berechtigtes Interesse<\/td>\n<td width=\"113\">Auftragsverarbeiter<\/td>\n<td width=\"104\">Bis zum Widerruf der Einwilligung.<\/td>\n<\/tr>\n<tr>\n<td width=\"191\">\n<p><strong>d)\u00a0\u00a0\u00a0 <\/strong><strong>Indirektes Marketing<\/strong><\/p>\n<p>Weitergabe von Daten an Gesch\u00e4ftspartner\/Dritte, damit diese sie f\u00fcr Marketingmitteilungen verwenden k\u00f6nnen.<\/td>\n<td width=\"140\">Stammdaten und Kontaktdaten.<\/td>\n<td width=\"132\">\n<p>Zustimmung (erforderlich durch Vertrag oder besondere Anfrage)<\/p>\n<p>(freiwillig und jederzeit widerrufbar)<\/td>\n<td width=\"113\">Auftragsverarbeiter<\/td>\n<td width=\"104\">Bis zum Widerruf der Einwilligung f\u00fcr diesen Zweck und\/oder nach Ablauf von f\u00fcnf Jahren nach der letzten Interaktion mit dem Auftragsverarbeiter.<\/td>\n<\/tr>\n<tr>\n<td width=\"191\">\n<p><strong>e)\u00a0\u00a0\u00a0 <\/strong><strong>Sammlung und Ver\u00f6ffentlichung von Inhalten:<\/strong><\/p>\n<p>Erzeugen von Case History und \u00a0Publikationen in sozialen Netzwerken, Zeitungen, Zeitschriften und Internetseiten von Bildern, Videos, Rezensionen, Bewertungen und anderen Inhalten, von denen der Betroffene frei entscheiden kann, sie mit den Auftragsverarbeitern zu teilen, sowie andere verwendete Kommunikationsmittel (wie von den einzelnen jeweils angefragten Einwilligungen vorgesehen).<\/td>\n<td width=\"140\">Stammdaten; Bilder, Mitgliedschaften, Funktionen und Berufserfahrung, Nickname, Profil der sozialen Netzwerke<\/td>\n<td width=\"132\">Einwilligung (freiwillig und jederzeit widerrufbar)<\/td>\n<td width=\"113\">Auftragsverarbeiter<\/td>\n<td width=\"104\">Bis zum Widerruf der Einwilligung f\u00fcr diesen Zweck und\/oder nach Ablauf von f\u00fcnf Jahren nach der letzten Interaktion mit dem Auftragsverarbeiter.<\/td>\n<\/tr>\n<tr>\n<td width=\"191\"><strong>f)\u00a0\u00a0\u00a0\u00a0 <\/strong>Gegebenenfalls zur <strong>Geltendmachung, Aus\u00fcbung oder Verteidigung der Rechte<\/strong> der Auftragsverarbeiter vor Gericht.<\/td>\n<td width=\"140\">Stammdaten und Kontaktdaten, Angaben zur Vertragserf\u00fcllung.<\/td>\n<td width=\"132\">Berechtigtes Interesse (rechtlicher Schutz)<\/td>\n<td width=\"113\">Eigent\u00fcmer der Datenverarbeitung<\/td>\n<td width=\"104\">So lange, wie es f\u00fcr die Aus\u00fcbung der Rechte vor Gericht erforderlich ist.<\/td>\n<\/tr>\n<tr>\n<td width=\"191\"><strong>g)\u00a0\u00a0\u00a0 <\/strong>Registrierung \u00fcber Internetportale.<\/td>\n<td width=\"140\">Stammdaten und Kontaktdaten, Angaben zum jeweiligen Unternehmen und die besetzte Arbeitsposition<\/td>\n<td width=\"132\">Ausdr\u00fcckliche Einwilligung<\/td>\n<td width=\"113\">Auftragsverarbeiter<\/td>\n<td width=\"104\">F\u00fcnf Jahre seit der letzten Interaktion<\/td>\n<\/tr>\n<tr>\n<td width=\"191\"><strong>h)\u00a0\u00a0\u00a0 <\/strong>Zweck des Supports f\u00fcr erworbene Produkte und Leistungen.<\/td>\n<td width=\"140\">Stammdaten, Kontaktdaten, personenbezogene Daten in Abh\u00e4ngigkeit vom vertraglich vereinbarten Produkt\/der vereinbarten Leistung.<\/td>\n<td width=\"132\">\n<p>Erf\u00fcllung eines Vertrages, dessen Vertragspartner Sie sind (zur Behebung von St\u00f6rungen und Fehlfunktionen).<\/p>\n<p>Berechtigtes Interesse (Analysen zur Verbesserung der Leistung).<\/td>\n<td width=\"113\">Eigent\u00fcmer der Datenverarbeitung<\/td>\n<td width=\"104\">F\u00fcnf Jahre nach der letzten Interaktion.<\/td>\n<\/tr>\n<\/tbody>\n<\/table>\n<p>*Bei L\u00f6schung k\u00f6nnen die Daten f\u00fcr einen weiteren Zeitraum von bis zu einem Jahr entsprechend der Richtlinie zur Sicherung der Unternehmensinformationssysteme gespeichert werden.<\/p>\n<ol start=\"4\">\n<li><strong>PFLICHT ZUR BEREITSTELLUNG DER DATEN<\/strong><\/li>\n<\/ol>\n<p>Der Betroffene muss den Unternehmen die zur Abwicklung des Vertragsverh\u00e4ltnisses erforderlichen Daten zur Verf\u00fcgung stellen, sowie die Daten, die zur Erf\u00fcllung der Verpflichtungen nach den Gesetzen, Verordnungen, Gemeinschaftsvorschriften oder den beh\u00f6rdlichen Bestimmungen zu diesem Zweck erforderlich sind, die durch das Gesetz und die Aufsichts- und Kontrollorgane (im Sinne der oben genannten Zwecke a) und f)) berechtigt sind.<\/p>\n<p>Daten, die f\u00fcr die Erf\u00fcllung des Vertragsverh\u00e4ltnisses nicht wesentlich sind, gelten als Zusatzinformationen, und ihre Bereitstellung durch den Betroffenen ist, falls angefragt, freiwillig und mit der Einwilligung verbunden. Die erteilte Einwilligung kann vom Betroffenen jederzeit durch E-Mail an:<\/p>\n<ul>\n<li><strong>Zucchetti Austria GmbH <\/strong>&#8211; zaustria.privacy@zucchetti.com<\/li>\n<li><strong>Zucchetti Germany GmbH <\/strong>&#8211; zgermany<strong>.<\/strong>privacy@zucchetti.com<\/li>\n<li><strong>Zucchetti Switzerland SA<\/strong>&#8211; zswitzerland.privacy@zucchetti.com<\/li>\n<\/ul>\n<p>Ein solcher Widerruf beeintr\u00e4chtigt in keiner Weise die Rechtm\u00e4\u00dfigkeit der Verarbeitung auf Grundlage der erteilten Einwilligungen vor dem Widerruf.<\/p>\n<ol start=\"5\">\n<li><strong>MODALIT\u00c4TEN DER DATENVERARBEITUNG<\/strong><\/li>\n<\/ol>\n<p>Die personenbezogenen Daten werden in den Archiven der Unternehmen erfasst, verarbeitet und gespeichert, in Papierform und elektronisch, in \u00dcbereinstimmung mit den vom Datenschutzgesetz vorgeschriebenen technischen und organisatorischen Ma\u00dfnahmen. Die Verarbeitung der personenbezogenen Daten des Betroffenen kann aus jedem beliebigen Vorgang oder einer Reihe von Vorg\u00e4ngen bestehen, wie im Datenschutzrecht vorgesehen.<\/p>\n<p>Die Verarbeitung personenbezogener Daten erfolgt unter Verwendung von Instrumenten und Verfahren, die geeignet sind, die Sicherheit und Vertraulichkeit der Daten zu gew\u00e4hrleisten, und kann direkt und\/oder durch beauftragte Dritte sowohl manuell in Papierform als auch mithilfe von EDV-Mitteln oder elektronisch durchgef\u00fchrt werden. Die Daten k\u00f6nnen zur korrekten Verwaltung des Verh\u00e4ltnisses und zur Erf\u00fcllung der gesetzlichen Verpflichtungen in die internen Unterlagen der Unternehmen und erforderlichenfalls auch in die gesetzlichen Aufzeichnungen und Register eingegeben werden.<\/p>\n<p>Die Daten des Betroffenen k\u00f6nnen von Mitarbeitern der betrieblichen Funktionen der Unternehmen verarbeitet werden, die f\u00fcr die oben genannten Zwecke eingesetzt werden. Diese Mitarbeiter wurden ausdr\u00fccklich zur Verarbeitung autorisiert und haben angemessene Arbeitsanweisungen gem\u00e4\u00df und f\u00fcr die Zwecke des Datenschutzgesetzes erhalten.<\/p>\n<ol start=\"6\">\n<li><strong>KATEGORIEN DER EMPF\u00c4NGER DER PERSONENBEZOGENEN DATEN<\/strong><\/li>\n<\/ol>\n<p>Die Daten des Betroffenen k\u00f6nnen an Dritte mitgeteilt und von diesen verarbeitet werden, die als selbst\u00e4ndige Verantwortliche im Sinne des Datenschutzgesetzes t\u00e4tig sind, beispielsweise Beh\u00f6rden und Aufsichtsbeh\u00f6rden und Kontrollorgane und allgemein \u00f6ffentliche oder private Unternehmen, die berechtigt sind, die Daten anzufordern und\/oder Personen, die gem\u00e4\u00df dem Datenschutzgesetz als Auftragsverarbeiter t\u00e4tig sind, wie z. B. Beratungsfirmen und\/oder Kanzleien, z. B. Rechts-, Steuer- und Versicherungsgesellschaften.<\/p>\n<p>Die Daten k\u00f6nnen auch von den Unternehmen ihren Gesch\u00e4ftspartnern zur Durchf\u00fchrung von T\u00e4tigkeiten im Zusammenhang mit der Vertragserf\u00fcllung oder zur Durchf\u00fchrung &#8211; durch diese &#8211; von kaufm\u00e4nnischen Aktivit\u00e4ten mit ausdr\u00fccklicher Zustimmung des Betroffenen mitgeteilt werden.<\/p>\n<ol start=\"7\">\n<li><strong>\u00dcBERMITTLUNG PERSONENBEZOGENER DATEN<\/strong><\/li>\n<\/ol>\n<p>Die vom Betroffenen \u00fcbermittelten Daten werden in L\u00e4ndern innerhalb der Europ\u00e4ischen Union und in der Schweiz verarbeitet. Wenn die Daten des Betroffenen in einem Staat au\u00dferhalb der EU oder der Schweiz verarbeitet werden, werden die Rechte, die dem Betroffenen durch das Datenschutzrecht einger\u00e4umt werden, gew\u00e4hrleistet und dem Betroffenen rechtzeitig mitgeteilt.<\/p>\n<ol start=\"8\">\n<li><strong>RECHTE DES BETROFFENEN <\/strong><\/li>\n<\/ol>\n<p>Nach dem Datenschutzgesetz kann der Betroffene folgende Rechte aus\u00fcben:<\/p>\n<ol>\n<li>Auskunft: Best\u00e4tigung, dass die personenbezogenen Daten des Betroffenen verarbeitet werden, und das Recht auf Zugang durch den Betroffenen; es ist nicht m\u00f6glich, auf offensichtlich unbegr\u00fcndete, \u00fcberh\u00f6hte oder wiederholte Anfragen zu reagieren;<\/li>\n<li>Berichtigung: Korrektur\/Berichtigung von personenbezogenen Daten, wenn sie falsch oder veraltet sind, und ihre Vervollst\u00e4ndigung, falls unvollst\u00e4ndig;<\/li>\n<li>L\u00f6schung\/Verbot: In einigen F\u00e4llen kann die L\u00f6schung der \u00fcbermittelten personenbezogenen Daten erwirkt werden; dies ist kein absolutes Recht, da die Unternehmen m\u00f6glicherweise legitime oder gesetzliche Gr\u00fcnde haben, diese zu speichern;<\/li>\n<li>Beschr\u00e4nkung: Die Daten werden gespeichert, k\u00f6nnen aber in den vom Datenschutzgesetz vorgesehenen F\u00e4llen weder verarbeitet noch weiter verarbeitet werden;<\/li>\n<li>\u00dcbertragbarkeit: Bewegung, Kopieren oder \u00dcbertragung von Daten von der Unternehmensdatenbank an Dritte. Dies gilt nur f\u00fcr Daten, die vom Betroffenen zur Erf\u00fcllung eines Vertrags \u00fcbermittelt wurden oder f\u00fcr die eine ausdr\u00fcckliche Einwilligung erteilt wurde und f\u00fcr die die Verarbeitung auf automatisiertem Wege erfolgt;<\/li>\n<li>Einspruch gegen Direktmarketing;<\/li>\n<li>die Einwilligung kann jederzeit widerrufen werden, wenn die Verarbeitung auf diesem Zweck beruht.<\/li>\n<\/ol>\n<p>Des Weiteren wird darauf hingewiesen, dass die Unternehmen vor der Bearbeitung der Anfragen eine Abkl\u00e4rung \u00fcber die Identit\u00e4t des Betroffenen, der sein Recht aus\u00fcben m\u00f6chte, vornehmen k\u00f6nnen, um die Rechtm\u00e4\u00dfigkeit der erhaltenen Anfrage zu beurteilen.<\/p>\n<p>&nbsp;<\/p>\n<p>Zur Aus\u00fcbung dieser Rechte kann sich der Betroffene an folgende Adressen wenden:<\/p>\n<ul>\n<li><strong>Zucchetti Austria GmbH<\/strong>, mit Sitz in Lastenstra\u00dfe Nr.13 &#8211; 8020, Graz \u2013 \u00d6sterreich &#8211; zaustria.privacy@zucchetti.com<\/li>\n<li><strong>Zucchetti Germany GmbH<\/strong>, mit Sitz in Werner-von-Siemens-Allee 4, 66115 Saarbr\u00fccken &#8211; Deutschland<\/li>\n<li><strong>Zucchetti Switzerland SA<\/strong>, mit Sitz in Centro San Martino, Via Moree n.16 &#8211; 6850, Mendrisio \u2013 Schweiz &#8211; zswitzerland.privacy@zucchetti.com<\/li>\n<\/ul>\n<p>Die Unternehmen werden innerhalb von 30 Tagen nach Eingang der f\u00f6rmlichen Anfrage des Betroffenen antworten.<\/p>\n<p>Bitte beachten Sie, dass im Falle einer Verletzung des Schutzes personenbezogener Daten eine Beschwerde bei der zust\u00e4ndigen Beh\u00f6rde eingereicht werden kann.<\/p>\n<p style=\"text-align: right;\"><strong>DIE UNTERNEHMEN<\/strong><\/p>\n<p>[\/vc_column_text][\/vc_column][vc_column width=&#8220;1\/6&#8243;][vc_btn title=&#8220;Drucken&#8220; style=&#8220;flat&#8220; shape=&#8220;square&#8220; color=&#8220;primary&#8220; skin=&#8220;primary&#8220; custom_onclick=&#8220;true&#8220; custom_onclick_code=&#8220;javascript: window.print();&#8220; el_class=&#8220;no-print&#8220;][\/vc_column][\/vc_row]<\/p>\n<\/div>","protected":false},"excerpt":{"rendered":"<p>[vc_row full_width=&#8220;stretch_row&#8220; wrap_container=&#8220;yes&#8220; text_align=&#8220;left&#8220; css=&#8220;.vc_custom_1527675773504{margin-top: 0px !important;margin-right: 0px !important;margin-bottom: 0px !important;margin-left: 0px !important;border-top-width: 0px !important;border-right-width: 0px !important;border-bottom-width: 0px !important;border-left-width: 0px !important;padding-top: 0px !important;padding-right: 0px !important;padding-bottom: 0px !important;padding-left: 0px !important;}&#8220; el_class=&#8220;bg-custom-cookies&#8220;][vc_column][vc_custom_heading text=&#8220;&#8220; font_container=&#8220;tag:h2|font_size:1.8em|text_align:left&#8220; use_theme_fonts=&#8220;yes&#8220; el_class=&#8220;h2-under-title text-color-light [&hellip;]<\/p>\n","protected":false},"author":2,"featured_media":0,"parent":0,"menu_order":0,"comment_status":"closed","ping_status":"closed","template":"","meta":{"footnotes":""},"class_list":["post-757","page","type-page","status-publish","hentry"],"_links":{"self":[{"href":"https:\/\/www.zucchetti.com\/de\/wp-json\/wp\/v2\/pages\/757","targetHints":{"allow":["GET"]}}],"collection":[{"href":"https:\/\/www.zucchetti.com\/de\/wp-json\/wp\/v2\/pages"}],"about":[{"href":"https:\/\/www.zucchetti.com\/de\/wp-json\/wp\/v2\/types\/page"}],"author":[{"embeddable":true,"href":"https:\/\/www.zucchetti.com\/de\/wp-json\/wp\/v2\/users\/2"}],"replies":[{"embeddable":true,"href":"https:\/\/www.zucchetti.com\/de\/wp-json\/wp\/v2\/comments?post=757"}],"version-history":[{"count":9,"href":"https:\/\/www.zucchetti.com\/de\/wp-json\/wp\/v2\/pages\/757\/revisions"}],"predecessor-version":[{"id":7087,"href":"https:\/\/www.zucchetti.com\/de\/wp-json\/wp\/v2\/pages\/757\/revisions\/7087"}],"wp:attachment":[{"href":"https:\/\/www.zucchetti.com\/de\/wp-json\/wp\/v2\/media?parent=757"}],"curies":[{"name":"wp","href":"https:\/\/api.w.org\/{rel}","templated":true}]}}